{"id":19993,"date":"2023-01-09T16:18:25","date_gmt":"2023-01-09T15:18:25","guid":{"rendered":"https:\/\/tw-group.com\/noticias\/"},"modified":"2026-03-30T16:41:54","modified_gmt":"2026-03-30T14:41:54","slug":"news","status":"publish","type":"page","link":"https:\/\/tw-group.com\/en\/news\/","title":{"rendered":"News"},"content":{"rendered":"\t\t<div data-elementor-type=\"wp-page\" data-elementor-id=\"19993\" class=\"elementor elementor-19993 elementor-16303\" data-elementor-post-type=\"page\">\n\t\t\t\t\t\t<section class=\"elementor-section elementor-top-section elementor-element elementor-element-5d1dcf6 elementor-section-boxed elementor-section-height-default elementor-section-height-default qodef-elementor-content-no\" data-id=\"5d1dcf6\" data-element_type=\"section\" data-e-type=\"section\">\n\t\t\t\t\t\t<div class=\"elementor-container elementor-column-gap-default\">\n\t\t\t\t\t<div class=\"elementor-column elementor-col-100 elementor-top-column elementor-element elementor-element-0e4131b\" data-id=\"0e4131b\" data-element_type=\"column\" data-e-type=\"column\">\n\t\t\t<div class=\"elementor-widget-wrap elementor-element-populated\">\n\t\t\t\t\t\t<div class=\"elementor-element elementor-element-4ba0b3b elementor-widget elementor-widget-heading\" data-id=\"4ba0b3b\" data-element_type=\"widget\" data-e-type=\"widget\" data-widget_type=\"heading.default\">\n\t\t\t\t<div class=\"elementor-widget-container\">\n\t\t\t\t\t<h1 class=\"elementor-heading-title elementor-size-default\">TW Group news :<\/h1>\t\t\t\t<\/div>\n\t\t\t\t<\/div>\n\t\t\t\t\t<\/div>\n\t\t<\/div>\n\t\t\t\t\t<\/div>\n\t\t<\/section>\n\t\t\t\t<section class=\"elementor-section elementor-top-section elementor-element elementor-element-8afb1f0 elementor-section-boxed elementor-section-height-default elementor-section-height-default qodef-elementor-content-no\" data-id=\"8afb1f0\" data-element_type=\"section\" data-e-type=\"section\">\n\t\t\t\t\t\t<div class=\"elementor-container elementor-column-gap-default\">\n\t\t\t\t\t<div class=\"elementor-column elementor-col-100 elementor-top-column elementor-element elementor-element-1a3fd8b\" data-id=\"1a3fd8b\" data-element_type=\"column\" data-e-type=\"column\">\n\t\t\t<div class=\"elementor-widget-wrap elementor-element-populated\">\n\t\t\t\t\t\t<div class=\"elementor-element elementor-element-ae7ebfb elementor-widget__width-initial elementor-widget elementor-widget-heading\" data-id=\"ae7ebfb\" data-element_type=\"widget\" data-e-type=\"widget\" data-widget_type=\"heading.default\">\n\t\t\t\t<div class=\"elementor-widget-container\">\n\t\t\t\t\t<h3 class=\"elementor-heading-title elementor-size-default\">TW Logistics &amp; TW Automotive<\/h3>\t\t\t\t<\/div>\n\t\t\t\t<\/div>\n\t\t\t\t\t<\/div>\n\t\t<\/div>\n\t\t\t\t\t<\/div>\n\t\t<\/section>\n\t\t\t\t<section class=\"elementor-section elementor-top-section elementor-element elementor-element-77a0909 elementor-section-boxed elementor-section-height-default elementor-section-height-default qodef-elementor-content-no\" data-id=\"77a0909\" data-element_type=\"section\" data-e-type=\"section\">\n\t\t\t\t\t\t<div class=\"elementor-container elementor-column-gap-default\">\n\t\t\t\t\t<div class=\"elementor-column elementor-col-100 elementor-top-column elementor-element elementor-element-7745493\" data-id=\"7745493\" data-element_type=\"column\" data-e-type=\"column\">\n\t\t\t<div class=\"elementor-widget-wrap elementor-element-populated\">\n\t\t\t\t\t\t<div class=\"elementor-element elementor-element-96f86f4 elementor-widget elementor-widget-spacer\" data-id=\"96f86f4\" data-element_type=\"widget\" data-e-type=\"widget\" data-widget_type=\"spacer.default\">\n\t\t\t\t<div class=\"elementor-widget-container\">\n\t\t\t\t\t\t\t<div class=\"elementor-spacer\">\n\t\t\t<div class=\"elementor-spacer-inner\"><\/div>\n\t\t<\/div>\n\t\t\t\t\t\t<\/div>\n\t\t\t\t<\/div>\n\t\t\t\t\t<\/div>\n\t\t<\/div>\n\t\t\t\t\t<\/div>\n\t\t<\/section>\n\t\t\t\t<section class=\"elementor-section elementor-top-section elementor-element elementor-element-37fe5c8 elementor-section-boxed elementor-section-height-default elementor-section-height-default qodef-elementor-content-no\" data-id=\"37fe5c8\" data-element_type=\"section\" data-e-type=\"section\">\n\t\t\t\t\t\t<div class=\"elementor-container elementor-column-gap-default\">\n\t\t\t\t\t<div class=\"elementor-column elementor-col-100 elementor-top-column elementor-element elementor-element-82126e0\" data-id=\"82126e0\" data-element_type=\"column\" data-e-type=\"column\">\n\t\t\t<div class=\"elementor-widget-wrap elementor-element-populated\">\n\t\t\t\t\t\t<div class=\"elementor-element elementor-element-a0cfd22 elementor-widget elementor-widget-globefarer_core_blog_list\" data-id=\"a0cfd22\" data-element_type=\"widget\" data-e-type=\"widget\" data-widget_type=\"globefarer_core_blog_list.default\">\n\t\t\t\t<div class=\"elementor-widget-container\">\n\t\t\t\t\t<div class=\"qodef-shortcode qodef-m  qodef-blog qodef--list qodef-item-layout--standard qodef-hover-animation--no qodef-grid qodef-layout--columns  qodef-gutter--normal qodef-col-num--1 qodef-item-layout--standard qodef-pagination--on qodef-pagination-type--standard qodef-responsive--predefined\" data-options=\"{&quot;plugin&quot;:&quot;globefarer_core&quot;,&quot;module&quot;:&quot;blog\\\/shortcodes&quot;,&quot;shortcode&quot;:&quot;blog-list&quot;,&quot;post_type&quot;:&quot;post&quot;,&quot;next_page&quot;:&quot;2&quot;,&quot;max_pages_num&quot;:3,&quot;behavior&quot;:&quot;columns&quot;,&quot;images_proportion&quot;:&quot;full&quot;,&quot;columns&quot;:&quot;1&quot;,&quot;columns_responsive&quot;:&quot;predefined&quot;,&quot;space&quot;:&quot;normal&quot;,&quot;posts_per_page&quot;:&quot;15&quot;,&quot;orderby&quot;:&quot;date&quot;,&quot;order&quot;:&quot;DESC&quot;,&quot;layout&quot;:&quot;standard&quot;,&quot;title_tag&quot;:&quot;h2&quot;,&quot;excerpt_length&quot;:&quot;400&quot;,&quot;button_text&quot;:&quot;Read more&quot;,&quot;line_break_positions&quot;:&quot;2&quot;,&quot;hover_animation&quot;:&quot;no&quot;,&quot;pagination_type&quot;:&quot;standard&quot;,&quot;object_class_name&quot;:&quot;GlobeFarerCore_Blog_List_Shortcode&quot;,&quot;taxonomy_filter&quot;:&quot;category&quot;,&quot;additional_query_args&quot;:[],&quot;space_value&quot;:15}\">\n\t\t<div class=\"qodef-grid-inner clear\">\n\t\t<article class=\"qodef-e qodef-blog-item qodef-grid-item qodef-item--full post-54468 post type-post status-publish format-standard has-post-thumbnail hentry category-tw-group-news category-tw-logistics-news tag-excelencia-en tag-sostenibilidad\">\n\t<div class=\"qodef-e-inner\">\n\t\t<div class=\"qodef-e-media\">\n\t\t<div class=\"qodef-e-media-image\">\n\t\t\t\t\t<a itemprop=\"url\" href=\"https:\/\/tw-group.com\/en\/avanzamos-en-nuestro-crecimiento-en-usa-con-proyectos-de-logistica-a-medida-en\/\">\n\t\t\t\t\t<img fetchpriority=\"high\" decoding=\"async\" width=\"1536\" height=\"1024\" src=\"https:\/\/tw-group.com\/wp-content\/uploads\/2026\/03\/TWL_NYC.jpeg\" class=\"attachment-full size-full wp-post-image\" alt=\"\" srcset=\"https:\/\/tw-group.com\/wp-content\/uploads\/2026\/03\/TWL_NYC.jpeg 1536w, https:\/\/tw-group.com\/wp-content\/uploads\/2026\/03\/TWL_NYC-300x200.jpeg 300w, https:\/\/tw-group.com\/wp-content\/uploads\/2026\/03\/TWL_NYC-1024x683.jpeg 1024w, https:\/\/tw-group.com\/wp-content\/uploads\/2026\/03\/TWL_NYC-768x512.jpeg 768w\" sizes=\"(max-width: 1536px) 100vw, 1536px\" \/>\t\t\t\t\t<\/a>\n\t\t\t\t\t<\/div>\n<\/div>\n\t\t<div class=\"qodef-e-content\">\n\t\t\t<div class=\"qodef-e-top-holder\">\n\t\t\t\t<div class=\"qodef-e-info\">\n\t\t\t\t\t<a itemprop=\"dateCreated\" href=\"https:\/\/tw-group.com\/en\/2026\/03\/\" class=\"entry-date \">\n\t13\/03\/2026<\/a><div class=\"qodef-info-separator-end\"><\/div><a href=\"https:\/\/tw-group.com\/en\/category\/tw-group-news\/\" rel=\"tag\">TW Group News<\/a><span class=\"qodef-info-separator-single\"><\/span><a href=\"https:\/\/tw-group.com\/en\/category\/tw-logistics-news\/\" rel=\"tag\">TW Logistics News<\/a><div class=\"qodef-info-separator-end\"><\/div>\t\t\t\t<\/div>\n\t\t\t<\/div>\n\t\t\t<div class=\"qodef-e-text\">\n\t\t\t\t<h2 itemprop=\"name\" class=\"qodef-e-title entry-title\">\n\t\t\t<a itemprop=\"url\" class=\"qodef-e-title-link\" href=\"https:\/\/tw-group.com\/en\/avanzamos-en-nuestro-crecimiento-en-usa-con-proyectos-de-logistica-a-medida-en\/\">\n\t\t\tWe are expanding our presence in the U.S. through customized logistics projects\t\t\t<\/a>\n\t<\/h2>\n\t\t<p itemprop=\"description\" class=\"qodef-e-excerpt\">TW Logistics takes on 100% of night-time distribution for a fashion brand in U.S. Northeast. We have recently been selected to manage 100% of the unattended night-time distribution for one of Europe\u2019s leading fashion brands across New York, New Jersey and Connecticut. This new operation marks an important milestone in TW Logistics\u2019 expansion in the [&hellip;]<\/p>\n\t\t\t\t\t<\/div>\n\t\t\t<div class=\"qodef-e-bottom-holder\">\n\t\t\t\t\t\t<div class=\"qodef-e-read-more\">\n\t\t<a class=\"qodef-shortcode qodef-m  qodef-button qodef-layout--textual  qodef-html--link\" href=\"https:\/\/tw-group.com\/en\/avanzamos-en-nuestro-crecimiento-en-usa-con-proyectos-de-logistica-a-medida-en\/\" target=\"_self\"  >\t\t\t<span class=\"qodef-m-button-icon\"><svg class=\"qodef-svg--plus\" xmlns=\"http:\/\/www.w3.org\/2000\/svg\" xmlns:xlink=\"http:\/\/www.w3.org\/1999\/xlink\" width=\"14\" height=\"14\" viewBox=\"0 0 14 14\"><path class=\"qodef-m-horizontal\" d=\"M0,0H14V2H0Z\" transform=\"translate(0 6)\" \/><path class=\"qodef-m-vertical\" d=\"M0,0H2V14H0Z\" transform=\"translate(6)\" \/><\/svg><\/span>\t\t\t\t<span class=\"qodef-m-button-text\">Read more<br \/><\/span>\t<\/a>\t<\/div>\n\t\t\t<\/div>\n\t\t<\/div>\n\t<\/div>\n<\/article>\n<article class=\"qodef-e qodef-blog-item qodef-grid-item qodef-item--full post-54154 post type-post status-publish format-standard has-post-thumbnail hentry category-noticias-tw-logistics category-noticias-tw-group tag-cultura-de-empresa tag-excelencia-en tag-futuro-economico-empresarial-en\">\n\t<div class=\"qodef-e-inner\">\n\t\t<div class=\"qodef-e-media\">\n\t\t<div class=\"qodef-e-media-image\">\n\t\t\t\t\t<a itemprop=\"url\" href=\"https:\/\/tw-group.com\/en\/ecovadis-en\/\">\n\t\t\t\t\t<img decoding=\"async\" width=\"1120\" height=\"630\" src=\"https:\/\/tw-group.com\/wp-content\/uploads\/2026\/02\/TWL_medalla.jpg\" class=\"attachment-full size-full wp-post-image\" alt=\"\" srcset=\"https:\/\/tw-group.com\/wp-content\/uploads\/2026\/02\/TWL_medalla.jpg 1120w, https:\/\/tw-group.com\/wp-content\/uploads\/2026\/02\/TWL_medalla-300x169.jpg 300w, https:\/\/tw-group.com\/wp-content\/uploads\/2026\/02\/TWL_medalla-1024x576.jpg 1024w, https:\/\/tw-group.com\/wp-content\/uploads\/2026\/02\/TWL_medalla-768x432.jpg 768w\" sizes=\"(max-width: 1120px) 100vw, 1120px\" \/>\t\t\t\t\t<\/a>\n\t\t\t\t\t<\/div>\n<\/div>\n\t\t<div class=\"qodef-e-content\">\n\t\t\t<div class=\"qodef-e-top-holder\">\n\t\t\t\t<div class=\"qodef-e-info\">\n\t\t\t\t\t<a itemprop=\"dateCreated\" href=\"https:\/\/tw-group.com\/en\/2026\/02\/\" class=\"entry-date \">\n\t19\/02\/2026<\/a><div class=\"qodef-info-separator-end\"><\/div><a href=\"https:\/\/tw-group.com\/category\/noticias-tw-logistics\/\" rel=\"tag\">Noticias de TW Logistics<\/a><span class=\"qodef-info-separator-single\"><\/span><a href=\"https:\/\/tw-group.com\/category\/noticias-tw-group\/\" rel=\"tag\">Noticias TW Group<\/a><div class=\"qodef-info-separator-end\"><\/div>\t\t\t\t<\/div>\n\t\t\t<\/div>\n\t\t\t<div class=\"qodef-e-text\">\n\t\t\t\t<h2 itemprop=\"name\" class=\"qodef-e-title entry-title\">\n\t\t\t<a itemprop=\"url\" class=\"qodef-e-title-link\" href=\"https:\/\/tw-group.com\/en\/ecovadis-en\/\">\n\t\t\tTW Group Awarded EcoVadis Bronze Medal\t\t\t<\/a>\n\t<\/h2>\n\t\t<p itemprop=\"description\" class=\"qodef-e-excerpt\">Ranked Among the Top 35% of Companies Worldwide for Sustainability TW Group has been awarded the EcoVadis\u00a0Bronze Medal \/ Top 35%, one of the most respected corporate sustainability assessment systems globally. This recognition places TW Logistics in the 72nd percentile, meaning the company ranks among the top 35% of businesses evaluated by EcoVadis over the [&hellip;]<\/p>\n\t\t\t\t\t<\/div>\n\t\t\t<div class=\"qodef-e-bottom-holder\">\n\t\t\t\t\t\t<div class=\"qodef-e-read-more\">\n\t\t<a class=\"qodef-shortcode qodef-m  qodef-button qodef-layout--textual  qodef-html--link\" href=\"https:\/\/tw-group.com\/en\/ecovadis-en\/\" target=\"_self\"  >\t\t\t<span class=\"qodef-m-button-icon\"><svg class=\"qodef-svg--plus\" xmlns=\"http:\/\/www.w3.org\/2000\/svg\" xmlns:xlink=\"http:\/\/www.w3.org\/1999\/xlink\" width=\"14\" height=\"14\" viewBox=\"0 0 14 14\"><path class=\"qodef-m-horizontal\" d=\"M0,0H14V2H0Z\" transform=\"translate(0 6)\" \/><path class=\"qodef-m-vertical\" d=\"M0,0H2V14H0Z\" transform=\"translate(6)\" \/><\/svg><\/span>\t\t\t\t<span class=\"qodef-m-button-text\">Read more<br \/><\/span>\t<\/a>\t<\/div>\n\t\t\t<\/div>\n\t\t<\/div>\n\t<\/div>\n<\/article>\n<article class=\"qodef-e qodef-blog-item qodef-grid-item qodef-item--full post-53798 post type-post status-publish format-standard has-post-thumbnail hentry category-tw-group-news tag-cultura-de-empresa tag-excelencia-en tag-futuro-economico-empresarial-en\">\n\t<div class=\"qodef-e-inner\">\n\t\t<div class=\"qodef-e-media\">\n\t\t<div class=\"qodef-e-media-image\">\n\t\t\t\t\t<a itemprop=\"url\" href=\"https:\/\/tw-group.com\/en\/tw-group-refuerza-su-compromiso-en-la-encuesta-circulo-2025-en\/\">\n\t\t\t\t\t<img decoding=\"async\" width=\"1280\" height=\"720\" src=\"https:\/\/tw-group.com\/wp-content\/uploads\/2026\/01\/EVENTO_TW.jpg\" class=\"attachment-full size-full wp-post-image\" alt=\"\" srcset=\"https:\/\/tw-group.com\/wp-content\/uploads\/2026\/01\/EVENTO_TW.jpg 1280w, https:\/\/tw-group.com\/wp-content\/uploads\/2026\/01\/EVENTO_TW-300x169.jpg 300w, https:\/\/tw-group.com\/wp-content\/uploads\/2026\/01\/EVENTO_TW-1024x576.jpg 1024w, https:\/\/tw-group.com\/wp-content\/uploads\/2026\/01\/EVENTO_TW-768x432.jpg 768w\" sizes=\"(max-width: 1280px) 100vw, 1280px\" \/>\t\t\t\t\t<\/a>\n\t\t\t\t\t<\/div>\n<\/div>\n\t\t<div class=\"qodef-e-content\">\n\t\t\t<div class=\"qodef-e-top-holder\">\n\t\t\t\t<div class=\"qodef-e-info\">\n\t\t\t\t\t<a itemprop=\"dateCreated\" href=\"https:\/\/tw-group.com\/en\/2026\/01\/\" class=\"entry-date \">\n\t29\/01\/2026<\/a><div class=\"qodef-info-separator-end\"><\/div><a href=\"https:\/\/tw-group.com\/en\/category\/tw-group-news\/\" rel=\"tag\">TW Group News<\/a><div class=\"qodef-info-separator-end\"><\/div>\t\t\t\t<\/div>\n\t\t\t<\/div>\n\t\t\t<div class=\"qodef-e-text\">\n\t\t\t\t<h2 itemprop=\"name\" class=\"qodef-e-title entry-title\">\n\t\t\t<a itemprop=\"url\" class=\"qodef-e-title-link\" href=\"https:\/\/tw-group.com\/en\/tw-group-refuerza-su-compromiso-en-la-encuesta-circulo-2025-en\/\">\n\t\t\tCommitment to analysis and business dialogue\t\t\t<\/a>\n\t<\/h2>\n\t\t<p itemprop=\"description\" class=\"qodef-e-excerpt\">TW Group strengthens its commitment to economic analysis and business dialogue at the C\u00edrculo 2025 Survey TW Group took part in the presentation of the C\u00edrculo 2025 Business Survey, organised by Instituci\u00f3n Futuro in Pamplona. The event brought together representatives from the business community to analyse the current economic landscape and the key challenges ahead [&hellip;]<\/p>\n\t\t\t\t\t<\/div>\n\t\t\t<div class=\"qodef-e-bottom-holder\">\n\t\t\t\t\t\t<div class=\"qodef-e-read-more\">\n\t\t<a class=\"qodef-shortcode qodef-m  qodef-button qodef-layout--textual  qodef-html--link\" href=\"https:\/\/tw-group.com\/en\/tw-group-refuerza-su-compromiso-en-la-encuesta-circulo-2025-en\/\" target=\"_self\"  >\t\t\t<span class=\"qodef-m-button-icon\"><svg class=\"qodef-svg--plus\" xmlns=\"http:\/\/www.w3.org\/2000\/svg\" xmlns:xlink=\"http:\/\/www.w3.org\/1999\/xlink\" width=\"14\" height=\"14\" viewBox=\"0 0 14 14\"><path class=\"qodef-m-horizontal\" d=\"M0,0H14V2H0Z\" transform=\"translate(0 6)\" \/><path class=\"qodef-m-vertical\" d=\"M0,0H2V14H0Z\" transform=\"translate(6)\" \/><\/svg><\/span>\t\t\t\t<span class=\"qodef-m-button-text\">Read more<br \/><\/span>\t<\/a>\t<\/div>\n\t\t\t<\/div>\n\t\t<\/div>\n\t<\/div>\n<\/article>\n<article class=\"qodef-e qodef-blog-item qodef-grid-item qodef-item--full post-53568 post type-post status-publish format-standard has-post-thumbnail hentry category-noticias-fundacion-tw category-tw-group-news tag-caixabank-en tag-cultura-en tag-inclusion tag-sostenibilidad\">\n\t<div class=\"qodef-e-inner\">\n\t\t<div class=\"qodef-e-media\">\n\t\t<div class=\"qodef-e-media-image\">\n\t\t\t\t\t<a itemprop=\"url\" href=\"https:\/\/tw-group.com\/en\/cuando-los-pequenos-gestos-se-convierten-en-grandes-impactos-tw-fundacion-tw-group_en\/\">\n\t\t\t\t\t<img loading=\"lazy\" decoding=\"async\" width=\"1280\" height=\"720\" src=\"https:\/\/tw-group.com\/wp-content\/uploads\/2026\/01\/Foto-UNAI-BEROIZ-Diario-de-Navarra.jpg\" class=\"attachment-full size-full wp-post-image\" alt=\"\" srcset=\"https:\/\/tw-group.com\/wp-content\/uploads\/2026\/01\/Foto-UNAI-BEROIZ-Diario-de-Navarra.jpg 1280w, https:\/\/tw-group.com\/wp-content\/uploads\/2026\/01\/Foto-UNAI-BEROIZ-Diario-de-Navarra-300x169.jpg 300w, https:\/\/tw-group.com\/wp-content\/uploads\/2026\/01\/Foto-UNAI-BEROIZ-Diario-de-Navarra-1024x576.jpg 1024w, https:\/\/tw-group.com\/wp-content\/uploads\/2026\/01\/Foto-UNAI-BEROIZ-Diario-de-Navarra-768x432.jpg 768w\" sizes=\"(max-width: 1280px) 100vw, 1280px\" \/>\t\t\t\t\t<\/a>\n\t\t\t\t\t<\/div>\n<\/div>\n\t\t<div class=\"qodef-e-content\">\n\t\t\t<div class=\"qodef-e-top-holder\">\n\t\t\t\t<div class=\"qodef-e-info\">\n\t\t\t\t\t<a itemprop=\"dateCreated\" href=\"https:\/\/tw-group.com\/en\/2026\/01\/\" class=\"entry-date \">\n\t02\/01\/2026<\/a><div class=\"qodef-info-separator-end\"><\/div><a href=\"https:\/\/tw-group.com\/en\/category\/noticias-fundacion-tw\/\" rel=\"tag\">Noticias Fundaci\u00f3n TW<\/a><span class=\"qodef-info-separator-single\"><\/span><a href=\"https:\/\/tw-group.com\/en\/category\/tw-group-news\/\" rel=\"tag\">TW Group News<\/a><div class=\"qodef-info-separator-end\"><\/div>\t\t\t\t<\/div>\n\t\t\t<\/div>\n\t\t\t<div class=\"qodef-e-text\">\n\t\t\t\t<h2 itemprop=\"name\" class=\"qodef-e-title entry-title\">\n\t\t\t<a itemprop=\"url\" class=\"qodef-e-title-link\" href=\"https:\/\/tw-group.com\/en\/cuando-los-pequenos-gestos-se-convierten-en-grandes-impactos-tw-fundacion-tw-group_en\/\">\n\t\t\tWhen small gestures have a big impact &#8211; TW Fundation &#8211; TW Group\t\t\t<\/a>\n\t<\/h2>\n\t\t<p itemprop=\"description\" class=\"qodef-e-excerpt\">At TW Group, we understand social commitment as something that goes beyond words. It is built on actions, real involvement, and the desire to make a positive impact where it is most needed. That is why initiatives such as \u2018El \u00c1rbol de los Sue\u00f1os\u2019 (The Tree of Dreams), promoted by CaixaBank through its Social Action [&hellip;]<\/p>\n\t\t\t\t\t<\/div>\n\t\t\t<div class=\"qodef-e-bottom-holder\">\n\t\t\t\t\t\t<div class=\"qodef-e-read-more\">\n\t\t<a class=\"qodef-shortcode qodef-m  qodef-button qodef-layout--textual  qodef-html--link\" href=\"https:\/\/tw-group.com\/en\/cuando-los-pequenos-gestos-se-convierten-en-grandes-impactos-tw-fundacion-tw-group_en\/\" target=\"_self\"  >\t\t\t<span class=\"qodef-m-button-icon\"><svg class=\"qodef-svg--plus\" xmlns=\"http:\/\/www.w3.org\/2000\/svg\" xmlns:xlink=\"http:\/\/www.w3.org\/1999\/xlink\" width=\"14\" height=\"14\" viewBox=\"0 0 14 14\"><path class=\"qodef-m-horizontal\" d=\"M0,0H14V2H0Z\" transform=\"translate(0 6)\" \/><path class=\"qodef-m-vertical\" d=\"M0,0H2V14H0Z\" transform=\"translate(6)\" \/><\/svg><\/span>\t\t\t\t<span class=\"qodef-m-button-text\">Read more<br \/><\/span>\t<\/a>\t<\/div>\n\t\t\t<\/div>\n\t\t<\/div>\n\t<\/div>\n<\/article>\n<article class=\"qodef-e qodef-blog-item qodef-grid-item qodef-item--full post-53465 post type-post status-publish format-standard has-post-thumbnail hentry category-noticias-fundacion-tw category-tw-group-news tag-cultura-en tag-excelencia-en tag-fundacion-tw-en\">\n\t<div class=\"qodef-e-inner\">\n\t\t<div class=\"qodef-e-media\">\n\t\t<div class=\"qodef-e-media-image\">\n\t\t\t\t\t<a itemprop=\"url\" href=\"https:\/\/tw-group.com\/en\/virgen-guadalupe_en\/\">\n\t\t\t\t\t<img loading=\"lazy\" decoding=\"async\" width=\"1280\" height=\"720\" src=\"https:\/\/tw-group.com\/wp-content\/uploads\/2025\/12\/guadalupe2.jpg\" class=\"attachment-full size-full wp-post-image\" alt=\"\" srcset=\"https:\/\/tw-group.com\/wp-content\/uploads\/2025\/12\/guadalupe2.jpg 1280w, https:\/\/tw-group.com\/wp-content\/uploads\/2025\/12\/guadalupe2-300x169.jpg 300w, https:\/\/tw-group.com\/wp-content\/uploads\/2025\/12\/guadalupe2-1024x576.jpg 1024w, https:\/\/tw-group.com\/wp-content\/uploads\/2025\/12\/guadalupe2-768x432.jpg 768w\" sizes=\"(max-width: 1280px) 100vw, 1280px\" \/>\t\t\t\t\t<\/a>\n\t\t\t\t\t<\/div>\n<\/div>\n\t\t<div class=\"qodef-e-content\">\n\t\t\t<div class=\"qodef-e-top-holder\">\n\t\t\t\t<div class=\"qodef-e-info\">\n\t\t\t\t\t<a itemprop=\"dateCreated\" href=\"https:\/\/tw-group.com\/en\/2025\/12\/\" class=\"entry-date \">\n\t18\/12\/2025<\/a><div class=\"qodef-info-separator-end\"><\/div><a href=\"https:\/\/tw-group.com\/en\/category\/noticias-fundacion-tw\/\" rel=\"tag\">Noticias Fundaci\u00f3n TW<\/a><span class=\"qodef-info-separator-single\"><\/span><a href=\"https:\/\/tw-group.com\/en\/category\/tw-group-news\/\" rel=\"tag\">TW Group News<\/a><div class=\"qodef-info-separator-end\"><\/div>\t\t\t\t<\/div>\n\t\t\t<\/div>\n\t\t\t<div class=\"qodef-e-text\">\n\t\t\t\t<h2 itemprop=\"name\" class=\"qodef-e-title entry-title\">\n\t\t\t<a itemprop=\"url\" class=\"qodef-e-title-link\" href=\"https:\/\/tw-group.com\/en\/virgen-guadalupe_en\/\">\n\t\t\tPresentation of the book \ud835\ude10\ud835\ude2e\ud835\ude22\u0301\ud835\ude28\ud835\ude26\ud835\ude2f\ud835\ude26\ud835\ude34 \ud835\ude25\ud835\ude26 \ud835\ude2d\ud835\ude22 \ud835\ude1d\ud835\ude2a\ud835\ude33\ud835\ude28\ud835\ude26\ud835\ude2f \ud835\ude25\ud835\ude26 \ud835\ude0e\ud835\ude36\ud835\ude22\ud835\ude25\ud835\ude22\ud835\ude2d\ud835\ude36\ud835\udc5d\ud835\ude26 \ud835\ude26\ud835\ude2f \ud835\ude15\ud835\ude22\ud835\ude37\ud835\ude22\ud835\ude33\ud835\ude33\ud835\ude22 &#8211; TW Group\t\t\t<\/a>\n\t<\/h2>\n\t\t<p itemprop=\"description\" class=\"qodef-e-excerpt\">On December 12, coinciding with the feast day of Our Lady of Guadalupe, the book \ud835\ude10\ud835\ude2e\ud835\ude22\u0301\ud835\ude28\ud835\ude26\ud835\ude2f\ud835\ude26\ud835\ude34 \ud835\ude25\ud835\ude26 \ud835\ude2d\ud835\ude22 \ud835\ude1d\ud835\ude2a\ud835\ude33\ud835\ude28\ud835\ude26\ud835\ude2f \ud835\ude25\ud835\ude26 \ud835\ude0e\ud835\ude36\ud835\ude22\ud835\ude25\ud835\ude22\ud835\ude2d\ud835\ude36\ud835\udc5d\ud835\ude26 \ud835\ude26\ud835\ude2f \ud835\ude15\ud835\ude22\ud835\ude37\ud835\ude22\ud835\ude33\ud835\ude33\ud835\ude22. \ud835\ude17\ud835\ude33\ud835\ude30\ud835\ude2e\ud835\ude30\ud835\ude24\ud835\ude2a\ud835\ude30\u0301\ud835\ude2f \ud835\ude26 \ud835\ude2a\ud835\ude25\ud835\ude26\ud835\ude2f\ud835\ude35\ud835\ude2a\ud835\ude25\ud835\ude22\ud835\ude25 \ud835\ude25\ud835\ude26\ud835\ude34\ud835\ude25\ud835\ude26 \ud835\ude14\ud835\ude26\u0301\ud835\ude39\ud835\ude2a\ud835\ude24\ud835\ude30, by Professor Ricardo Ferna<\/p>\n\t\t\t\t\t<\/div>\n\t\t\t<div class=\"qodef-e-bottom-holder\">\n\t\t\t\t\t\t<div class=\"qodef-e-read-more\">\n\t\t<a class=\"qodef-shortcode qodef-m  qodef-button qodef-layout--textual  qodef-html--link\" href=\"https:\/\/tw-group.com\/en\/virgen-guadalupe_en\/\" target=\"_self\"  >\t\t\t<span class=\"qodef-m-button-icon\"><svg class=\"qodef-svg--plus\" xmlns=\"http:\/\/www.w3.org\/2000\/svg\" xmlns:xlink=\"http:\/\/www.w3.org\/1999\/xlink\" width=\"14\" height=\"14\" viewBox=\"0 0 14 14\"><path class=\"qodef-m-horizontal\" d=\"M0,0H14V2H0Z\" transform=\"translate(0 6)\" \/><path class=\"qodef-m-vertical\" d=\"M0,0H2V14H0Z\" transform=\"translate(6)\" \/><\/svg><\/span>\t\t\t\t<span class=\"qodef-m-button-text\">Read more<br \/><\/span>\t<\/a>\t<\/div>\n\t\t\t<\/div>\n\t\t<\/div>\n\t<\/div>\n<\/article>\n<article class=\"qodef-e qodef-blog-item qodef-grid-item qodef-item--full post-52701 post type-post status-publish format-standard has-post-thumbnail hentry category-noticias-fundacion-tw category-nyheter-fran-tw-group tag-caixabank-en tag-cultura-en tag-inclusion tag-sostenibilidad\">\n\t<div class=\"qodef-e-inner\">\n\t\t<div class=\"qodef-e-media\">\n\t\t<div class=\"qodef-e-media-image\">\n\t\t\t\t\t<a itemprop=\"url\" href=\"https:\/\/tw-group.com\/en\/tw-fundacion-colaboracion-con-fundacion-la-caixa-en\/\">\n\t\t\t\t\t<img loading=\"lazy\" decoding=\"async\" width=\"1280\" height=\"720\" src=\"https:\/\/tw-group.com\/wp-content\/uploads\/2025\/11\/1.jpg\" class=\"attachment-full size-full wp-post-image\" alt=\"\" srcset=\"https:\/\/tw-group.com\/wp-content\/uploads\/2025\/11\/1.jpg 1280w, https:\/\/tw-group.com\/wp-content\/uploads\/2025\/11\/1-300x169.jpg 300w, https:\/\/tw-group.com\/wp-content\/uploads\/2025\/11\/1-1024x576.jpg 1024w, https:\/\/tw-group.com\/wp-content\/uploads\/2025\/11\/1-768x432.jpg 768w\" sizes=\"(max-width: 1280px) 100vw, 1280px\" \/>\t\t\t\t\t<\/a>\n\t\t\t\t\t<\/div>\n<\/div>\n\t\t<div class=\"qodef-e-content\">\n\t\t\t<div class=\"qodef-e-top-holder\">\n\t\t\t\t<div class=\"qodef-e-info\">\n\t\t\t\t\t<a itemprop=\"dateCreated\" href=\"https:\/\/tw-group.com\/en\/2025\/11\/\" class=\"entry-date \">\n\t26\/11\/2025<\/a><div class=\"qodef-info-separator-end\"><\/div><a href=\"https:\/\/tw-group.com\/sv\/category\/noticias-fundacion-tw\/\" rel=\"tag\">Noticias Fundaci\u00f3n TW<\/a><span class=\"qodef-info-separator-single\"><\/span><a href=\"https:\/\/tw-group.com\/sv\/category\/nyheter-fran-tw-group\/\" rel=\"tag\">Nyheter fr\u00e5n TW Group<\/a><div class=\"qodef-info-separator-end\"><\/div>\t\t\t\t<\/div>\n\t\t\t<\/div>\n\t\t\t<div class=\"qodef-e-text\">\n\t\t\t\t<h2 itemprop=\"name\" class=\"qodef-e-title entry-title\">\n\t\t\t<a itemprop=\"url\" class=\"qodef-e-title-link\" href=\"https:\/\/tw-group.com\/en\/tw-fundacion-colaboracion-con-fundacion-la-caixa-en\/\">\n\t\t\tTW Foundation &#8211; Collaboration with La Caixa Foundation\t\t\t<\/a>\n\t<\/h2>\n\t\t<p itemprop=\"description\" class=\"qodef-e-excerpt\">TW Foundation, in collaboration with Fundaci\u00f3n \u201cLa Caixa\u201d, has launched INDOMABLES QUE CUENTAN, an educational initiative that promotes inclusion, equal opportunities and critical thinking through reading, creativity and history. Thirty schools in Navarra have received a set of five storybooks\u2014plus digital teaching materials\u2014to support diverse and inclusive learning. The collection highli<\/p>\n\t\t\t\t\t<\/div>\n\t\t\t<div class=\"qodef-e-bottom-holder\">\n\t\t\t\t\t\t<div class=\"qodef-e-read-more\">\n\t\t<a class=\"qodef-shortcode qodef-m  qodef-button qodef-layout--textual  qodef-html--link\" href=\"https:\/\/tw-group.com\/en\/tw-fundacion-colaboracion-con-fundacion-la-caixa-en\/\" target=\"_self\"  >\t\t\t<span class=\"qodef-m-button-icon\"><svg class=\"qodef-svg--plus\" xmlns=\"http:\/\/www.w3.org\/2000\/svg\" xmlns:xlink=\"http:\/\/www.w3.org\/1999\/xlink\" width=\"14\" height=\"14\" viewBox=\"0 0 14 14\"><path class=\"qodef-m-horizontal\" d=\"M0,0H14V2H0Z\" transform=\"translate(0 6)\" \/><path class=\"qodef-m-vertical\" d=\"M0,0H2V14H0Z\" transform=\"translate(6)\" \/><\/svg><\/span>\t\t\t\t<span class=\"qodef-m-button-text\">Read more<br \/><\/span>\t<\/a>\t<\/div>\n\t\t\t<\/div>\n\t\t<\/div>\n\t<\/div>\n<\/article>\n<article class=\"qodef-e qodef-blog-item qodef-grid-item qodef-item--full post-52573 post type-post status-publish format-standard has-post-thumbnail hentry category-tw-group-news category-tw-logistics-news tag-excelencia-en tag-sostenibilidad\">\n\t<div class=\"qodef-e-inner\">\n\t\t<div class=\"qodef-e-media\">\n\t\t<div class=\"qodef-e-media-image\">\n\t\t\t\t\t<a itemprop=\"url\" href=\"https:\/\/tw-group.com\/en\/tw-group-sigue-avanzando-en-su-estrategia-climatica-con-el-sello-yo-calculo-de-miteco-en\/\">\n\t\t\t\t\t<img loading=\"lazy\" decoding=\"async\" width=\"1280\" height=\"720\" src=\"https:\/\/tw-group.com\/wp-content\/uploads\/2025\/11\/TWG_sello_MITECO.jpeg\" class=\"attachment-full size-full wp-post-image\" alt=\"\" srcset=\"https:\/\/tw-group.com\/wp-content\/uploads\/2025\/11\/TWG_sello_MITECO.jpeg 1280w, https:\/\/tw-group.com\/wp-content\/uploads\/2025\/11\/TWG_sello_MITECO-300x169.jpeg 300w, https:\/\/tw-group.com\/wp-content\/uploads\/2025\/11\/TWG_sello_MITECO-1024x576.jpeg 1024w, https:\/\/tw-group.com\/wp-content\/uploads\/2025\/11\/TWG_sello_MITECO-768x432.jpeg 768w\" sizes=\"(max-width: 1280px) 100vw, 1280px\" \/>\t\t\t\t\t<\/a>\n\t\t\t\t\t<\/div>\n<\/div>\n\t\t<div class=\"qodef-e-content\">\n\t\t\t<div class=\"qodef-e-top-holder\">\n\t\t\t\t<div class=\"qodef-e-info\">\n\t\t\t\t\t<a itemprop=\"dateCreated\" href=\"https:\/\/tw-group.com\/en\/2025\/11\/\" class=\"entry-date \">\n\t24\/11\/2025<\/a><div class=\"qodef-info-separator-end\"><\/div><a href=\"https:\/\/tw-group.com\/en\/category\/tw-group-news\/\" rel=\"tag\">TW Group News<\/a><span class=\"qodef-info-separator-single\"><\/span><a href=\"https:\/\/tw-group.com\/en\/category\/tw-logistics-news\/\" rel=\"tag\">TW Logistics News<\/a><div class=\"qodef-info-separator-end\"><\/div>\t\t\t\t<\/div>\n\t\t\t<\/div>\n\t\t\t<div class=\"qodef-e-text\">\n\t\t\t\t<h2 itemprop=\"name\" class=\"qodef-e-title entry-title\">\n\t\t\t<a itemprop=\"url\" class=\"qodef-e-title-link\" href=\"https:\/\/tw-group.com\/en\/tw-group-sigue-avanzando-en-su-estrategia-climatica-con-el-sello-yo-calculo-de-miteco-en\/\">\n\t\t\tTW Group continues to advance its climate strategy\t\t\t<\/a>\n\t<\/h2>\n\t\t<p itemprop=\"description\" class=\"qodef-e-excerpt\">At TW Group, we continue to promote responsible logistics that are prepared for the future. We have obtained the \u201cYo Calculo\u201d seal, awarded by the Ministry for Ecological Transition and Demographic Challenge (MITECO), which recognizes the measurement of our Scope 1 and 2 Carbon Footprint, taking 2023 as the base year.This milestone reaffirms our commitment [&hellip;]<\/p>\n\t\t\t\t\t<\/div>\n\t\t\t<div class=\"qodef-e-bottom-holder\">\n\t\t\t\t\t\t<div class=\"qodef-e-read-more\">\n\t\t<a class=\"qodef-shortcode qodef-m  qodef-button qodef-layout--textual  qodef-html--link\" href=\"https:\/\/tw-group.com\/en\/tw-group-sigue-avanzando-en-su-estrategia-climatica-con-el-sello-yo-calculo-de-miteco-en\/\" target=\"_self\"  >\t\t\t<span class=\"qodef-m-button-icon\"><svg class=\"qodef-svg--plus\" xmlns=\"http:\/\/www.w3.org\/2000\/svg\" xmlns:xlink=\"http:\/\/www.w3.org\/1999\/xlink\" width=\"14\" height=\"14\" viewBox=\"0 0 14 14\"><path class=\"qodef-m-horizontal\" d=\"M0,0H14V2H0Z\" transform=\"translate(0 6)\" \/><path class=\"qodef-m-vertical\" d=\"M0,0H2V14H0Z\" transform=\"translate(6)\" \/><\/svg><\/span>\t\t\t\t<span class=\"qodef-m-button-text\">Read more<br \/><\/span>\t<\/a>\t<\/div>\n\t\t\t<\/div>\n\t\t<\/div>\n\t<\/div>\n<\/article>\n<article class=\"qodef-e qodef-blog-item qodef-grid-item qodef-item--full post-52525 post type-post status-publish format-standard has-post-thumbnail hentry category-tw-group-news category-tw-logistics-news tag-excelencia-en tag-sostenibilidad\">\n\t<div class=\"qodef-e-inner\">\n\t\t<div class=\"qodef-e-media\">\n\t\t<div class=\"qodef-e-media-image\">\n\t\t\t\t\t<a itemprop=\"url\" href=\"https:\/\/tw-group.com\/en\/premio-lean-green-espana-tw-logistics-en\/\">\n\t\t\t\t\t<img loading=\"lazy\" decoding=\"async\" width=\"1280\" height=\"720\" src=\"https:\/\/tw-group.com\/wp-content\/uploads\/2025\/11\/TWL_Lean-and-Green.jpg\" class=\"attachment-full size-full wp-post-image\" alt=\"\" srcset=\"https:\/\/tw-group.com\/wp-content\/uploads\/2025\/11\/TWL_Lean-and-Green.jpg 1280w, https:\/\/tw-group.com\/wp-content\/uploads\/2025\/11\/TWL_Lean-and-Green-300x169.jpg 300w, https:\/\/tw-group.com\/wp-content\/uploads\/2025\/11\/TWL_Lean-and-Green-1024x576.jpg 1024w, https:\/\/tw-group.com\/wp-content\/uploads\/2025\/11\/TWL_Lean-and-Green-768x432.jpg 768w\" sizes=\"(max-width: 1280px) 100vw, 1280px\" \/>\t\t\t\t\t<\/a>\n\t\t\t\t\t<\/div>\n<\/div>\n\t\t<div class=\"qodef-e-content\">\n\t\t\t<div class=\"qodef-e-top-holder\">\n\t\t\t\t<div class=\"qodef-e-info\">\n\t\t\t\t\t<a itemprop=\"dateCreated\" href=\"https:\/\/tw-group.com\/en\/2025\/11\/\" class=\"entry-date \">\n\t24\/11\/2025<\/a><div class=\"qodef-info-separator-end\"><\/div><a href=\"https:\/\/tw-group.com\/en\/category\/tw-group-news\/\" rel=\"tag\">TW Group News<\/a><span class=\"qodef-info-separator-single\"><\/span><a href=\"https:\/\/tw-group.com\/en\/category\/tw-logistics-news\/\" rel=\"tag\">TW Logistics News<\/a><div class=\"qodef-info-separator-end\"><\/div>\t\t\t\t<\/div>\n\t\t\t<\/div>\n\t\t\t<div class=\"qodef-e-text\">\n\t\t\t\t<h2 itemprop=\"name\" class=\"qodef-e-title entry-title\">\n\t\t\t<a itemprop=\"url\" class=\"qodef-e-title-link\" href=\"https:\/\/tw-group.com\/en\/premio-lean-green-espana-tw-logistics-en\/\">\n\t\t\tLean &#038; Green Spain Award &#8211; TW Logistics\t\t\t<\/a>\n\t<\/h2>\n\t\t<p itemprop=\"description\" class=\"qodef-e-excerpt\">We have received the Lean &amp; Green Award, a recognition that confirms our commitment to sustainable, efficient logistics. This seal certifies that our action plan in Spain\u2014to cut at least 20% of GHG emissions over the next five years\u2014has successfully passed EQA\u2019s independent evaluation and meets AECOC\u00a0standards. A solid path toward a logistics model that [&hellip;]<\/p>\n\t\t\t\t\t<\/div>\n\t\t\t<div class=\"qodef-e-bottom-holder\">\n\t\t\t\t\t\t<div class=\"qodef-e-read-more\">\n\t\t<a class=\"qodef-shortcode qodef-m  qodef-button qodef-layout--textual  qodef-html--link\" href=\"https:\/\/tw-group.com\/en\/premio-lean-green-espana-tw-logistics-en\/\" target=\"_self\"  >\t\t\t<span class=\"qodef-m-button-icon\"><svg class=\"qodef-svg--plus\" xmlns=\"http:\/\/www.w3.org\/2000\/svg\" xmlns:xlink=\"http:\/\/www.w3.org\/1999\/xlink\" width=\"14\" height=\"14\" viewBox=\"0 0 14 14\"><path class=\"qodef-m-horizontal\" d=\"M0,0H14V2H0Z\" transform=\"translate(0 6)\" \/><path class=\"qodef-m-vertical\" d=\"M0,0H2V14H0Z\" transform=\"translate(6)\" \/><\/svg><\/span>\t\t\t\t<span class=\"qodef-m-button-text\">Read more<br \/><\/span>\t<\/a>\t<\/div>\n\t\t\t<\/div>\n\t\t<\/div>\n\t<\/div>\n<\/article>\n<article class=\"qodef-e qodef-blog-item qodef-grid-item qodef-item--full post-52224 post type-post status-publish format-standard has-post-thumbnail hentry category-tw-automotive-news category-tw-group-news\">\n\t<div class=\"qodef-e-inner\">\n\t\t<div class=\"qodef-e-media\">\n\t\t<div class=\"qodef-e-media-image\">\n\t\t\t\t\t<a itemprop=\"url\" href=\"https:\/\/tw-group.com\/en\/20-million-reasons-to-celebrate-tw-automotive\/\">\n\t\t\t\t\t<img loading=\"lazy\" decoding=\"async\" width=\"1280\" height=\"720\" src=\"https:\/\/tw-group.com\/wp-content\/uploads\/2025\/11\/20-millones-tw-automotive.jpg\" class=\"attachment-full size-full wp-post-image\" alt=\"\" srcset=\"https:\/\/tw-group.com\/wp-content\/uploads\/2025\/11\/20-millones-tw-automotive.jpg 1280w, https:\/\/tw-group.com\/wp-content\/uploads\/2025\/11\/20-millones-tw-automotive-300x169.jpg 300w, https:\/\/tw-group.com\/wp-content\/uploads\/2025\/11\/20-millones-tw-automotive-1024x576.jpg 1024w, https:\/\/tw-group.com\/wp-content\/uploads\/2025\/11\/20-millones-tw-automotive-768x432.jpg 768w\" sizes=\"(max-width: 1280px) 100vw, 1280px\" \/>\t\t\t\t\t<\/a>\n\t\t\t\t\t<\/div>\n<\/div>\n\t\t<div class=\"qodef-e-content\">\n\t\t\t<div class=\"qodef-e-top-holder\">\n\t\t\t\t<div class=\"qodef-e-info\">\n\t\t\t\t\t<a itemprop=\"dateCreated\" href=\"https:\/\/tw-group.com\/en\/2025\/11\/\" class=\"entry-date \">\n\t03\/11\/2025<\/a><div class=\"qodef-info-separator-end\"><\/div><a href=\"https:\/\/tw-group.com\/en\/category\/tw-automotive-news\/\" rel=\"tag\">TW Automotive News<\/a><span class=\"qodef-info-separator-single\"><\/span><a href=\"https:\/\/tw-group.com\/en\/category\/tw-group-news\/\" rel=\"tag\">TW Group News<\/a><div class=\"qodef-info-separator-end\"><\/div>\t\t\t\t<\/div>\n\t\t\t<\/div>\n\t\t\t<div class=\"qodef-e-text\">\n\t\t\t\t<h2 itemprop=\"name\" class=\"qodef-e-title entry-title\">\n\t\t\t<a itemprop=\"url\" class=\"qodef-e-title-link\" href=\"https:\/\/tw-group.com\/en\/20-million-reasons-to-celebrate-tw-automotive\/\">\n\t\t\t20 million reasons to celebrate &#8211; TW Automotive\t\t\t<\/a>\n\t<\/h2>\n\t\t<p itemprop=\"description\" class=\"qodef-e-excerpt\">At our plant in Puebla, Mexico, we have reached a new milestone: the assembly of our 20 millionth wheel.Behind each wheel is the technology, engineering, talent, commitment, effort, and dedication of everyone involved in this project, including our customers, whose trust and high standards drive us to improve every day. We celebrate this achievement together [&hellip;]<\/p>\n\t\t\t\t\t<\/div>\n\t\t\t<div class=\"qodef-e-bottom-holder\">\n\t\t\t\t\t\t<div class=\"qodef-e-read-more\">\n\t\t<a class=\"qodef-shortcode qodef-m  qodef-button qodef-layout--textual  qodef-html--link\" href=\"https:\/\/tw-group.com\/en\/20-million-reasons-to-celebrate-tw-automotive\/\" target=\"_self\"  >\t\t\t<span class=\"qodef-m-button-icon\"><svg class=\"qodef-svg--plus\" xmlns=\"http:\/\/www.w3.org\/2000\/svg\" xmlns:xlink=\"http:\/\/www.w3.org\/1999\/xlink\" width=\"14\" height=\"14\" viewBox=\"0 0 14 14\"><path class=\"qodef-m-horizontal\" d=\"M0,0H14V2H0Z\" transform=\"translate(0 6)\" \/><path class=\"qodef-m-vertical\" d=\"M0,0H2V14H0Z\" transform=\"translate(6)\" \/><\/svg><\/span>\t\t\t\t<span class=\"qodef-m-button-text\">Read more<br \/><\/span>\t<\/a>\t<\/div>\n\t\t\t<\/div>\n\t\t<\/div>\n\t<\/div>\n<\/article>\n<article class=\"qodef-e qodef-blog-item qodef-grid-item qodef-item--full post-52074 post type-post status-publish format-standard has-post-thumbnail hentry category-tw-group-news category-tw-logistics-news tag-cultura-en tag-fundacion-tw-en\">\n\t<div class=\"qodef-e-inner\">\n\t\t<div class=\"qodef-e-media\">\n\t\t<div class=\"qodef-e-media-image\">\n\t\t\t\t\t<a itemprop=\"url\" href=\"https:\/\/tw-group.com\/en\/fundacion-tw-recibe-diploma-%f0%9d%97%9f%f0%9d%97%b6%f0%9d%97%af%f0%9d%97%bf%f0%9d%97%bc%f0%9d%98%80-%f0%9d%97%a0%f0%9d%97%b2%f0%9d%97%b7%f0%9d%97%bc%f0%9d%97%bf-%f0%9d%97%98%f0%9d%97%b1%f0%9d%97%b6\/\">\n\t\t\t\t\t<img loading=\"lazy\" decoding=\"async\" width=\"1280\" height=\"720\" src=\"https:\/\/tw-group.com\/wp-content\/uploads\/2025\/10\/TWF_Premio_1.jpeg\" class=\"attachment-full size-full wp-post-image\" alt=\"\" srcset=\"https:\/\/tw-group.com\/wp-content\/uploads\/2025\/10\/TWF_Premio_1.jpeg 1280w, https:\/\/tw-group.com\/wp-content\/uploads\/2025\/10\/TWF_Premio_1-300x169.jpeg 300w, https:\/\/tw-group.com\/wp-content\/uploads\/2025\/10\/TWF_Premio_1-1024x576.jpeg 1024w, https:\/\/tw-group.com\/wp-content\/uploads\/2025\/10\/TWF_Premio_1-768x432.jpeg 768w\" sizes=\"(max-width: 1280px) 100vw, 1280px\" \/>\t\t\t\t\t<\/a>\n\t\t\t\t\t<\/div>\n<\/div>\n\t\t<div class=\"qodef-e-content\">\n\t\t\t<div class=\"qodef-e-top-holder\">\n\t\t\t\t<div class=\"qodef-e-info\">\n\t\t\t\t\t<a itemprop=\"dateCreated\" href=\"https:\/\/tw-group.com\/en\/2025\/10\/\" class=\"entry-date \">\n\t21\/10\/2025<\/a><div class=\"qodef-info-separator-end\"><\/div><a href=\"https:\/\/tw-group.com\/en\/category\/tw-group-news\/\" rel=\"tag\">TW Group News<\/a><span class=\"qodef-info-separator-single\"><\/span><a href=\"https:\/\/tw-group.com\/en\/category\/tw-logistics-news\/\" rel=\"tag\">TW Logistics News<\/a><div class=\"qodef-info-separator-end\"><\/div>\t\t\t\t<\/div>\n\t\t\t<\/div>\n\t\t\t<div class=\"qodef-e-text\">\n\t\t\t\t<h2 itemprop=\"name\" class=\"qodef-e-title entry-title\">\n\t\t\t<a itemprop=\"url\" class=\"qodef-e-title-link\" href=\"https:\/\/tw-group.com\/en\/fundacion-tw-recibe-diploma-%f0%9d%97%9f%f0%9d%97%b6%f0%9d%97%af%f0%9d%97%bf%f0%9d%97%bc%f0%9d%98%80-%f0%9d%97%a0%f0%9d%97%b2%f0%9d%97%b7%f0%9d%97%bc%f0%9d%97%bf-%f0%9d%97%98%f0%9d%97%b1%f0%9d%97%b6\/\">\n\t\t\tTW Foundation receives diploma: Best Edited Books &#8211; Award Winners 2024\t\t\t<\/a>\n\t<\/h2>\n\t\t<p itemprop=\"description\" class=\"qodef-e-excerpt\">As part of LIBER International Book Fair\u00a0&#8211; Madrid 2025, the Director General of Books, Comics, and Reading at the Ministry of Culture, Mar\u00eda Jos\u00e9 G\u00e1lvez Salvador, presented the TW Foundation with a diploma recognizing the book \ud835\ude11\ud835\ude36\ud835\ude22\ud835\ude2f \ud835\ude25\ud835\ude26 \ud835\ude17\ud835\ude22\ud835\ude2d\ud835\ude22\ud835\ude27\ud835\ude30\ud835\ude39. \ud835\ude1b\ud835\ude22\ud835\ude2d\ud835\ude26\ud835\ude2f\ud835\ude35\ud835\ude30, \ud835\udc5d\ud835\ude22\ud835\ude34\ud835\ude2a\ud835\ude30\u0301\ud835\ude2f \ud835\ude3a \ud835\ude24\ud835\ude30\ud835\ude2e\ud835\udc5d\ud835\ude33\ud835\ude30\ud835\ude2e\ud835\ude2a\ud835\ude34\ud835\ude30 as o<\/p>\n\t\t\t\t\t<\/div>\n\t\t\t<div class=\"qodef-e-bottom-holder\">\n\t\t\t\t\t\t<div class=\"qodef-e-read-more\">\n\t\t<a class=\"qodef-shortcode qodef-m  qodef-button qodef-layout--textual  qodef-html--link\" href=\"https:\/\/tw-group.com\/en\/fundacion-tw-recibe-diploma-%f0%9d%97%9f%f0%9d%97%b6%f0%9d%97%af%f0%9d%97%bf%f0%9d%97%bc%f0%9d%98%80-%f0%9d%97%a0%f0%9d%97%b2%f0%9d%97%b7%f0%9d%97%bc%f0%9d%97%bf-%f0%9d%97%98%f0%9d%97%b1%f0%9d%97%b6\/\" target=\"_self\"  >\t\t\t<span class=\"qodef-m-button-icon\"><svg class=\"qodef-svg--plus\" xmlns=\"http:\/\/www.w3.org\/2000\/svg\" xmlns:xlink=\"http:\/\/www.w3.org\/1999\/xlink\" width=\"14\" height=\"14\" viewBox=\"0 0 14 14\"><path class=\"qodef-m-horizontal\" d=\"M0,0H14V2H0Z\" transform=\"translate(0 6)\" \/><path class=\"qodef-m-vertical\" d=\"M0,0H2V14H0Z\" transform=\"translate(6)\" \/><\/svg><\/span>\t\t\t\t<span class=\"qodef-m-button-text\">Read more<br \/><\/span>\t<\/a>\t<\/div>\n\t\t\t<\/div>\n\t\t<\/div>\n\t<\/div>\n<\/article>\n<article class=\"qodef-e qodef-blog-item qodef-grid-item qodef-item--full post-51748 post type-post status-publish format-standard has-post-thumbnail hentry category-noticias-tw-group tag-economia-en tag-empresa-en tag-futuro-economico-empresarial-en\">\n\t<div class=\"qodef-e-inner\">\n\t\t<div class=\"qodef-e-media\">\n\t\t<div class=\"qodef-e-media-image\">\n\t\t\t\t\t<a itemprop=\"url\" href=\"https:\/\/tw-group.com\/en\/colaborando-con-naex-y-el-gobierno-de-navarra-en-la-apertura-de-nuevas-oportunidades-en-mexico\/\">\n\t\t\t\t\t<img loading=\"lazy\" decoding=\"async\" width=\"1280\" height=\"720\" src=\"https:\/\/tw-group.com\/wp-content\/uploads\/2025\/09\/TWG_Webinar_NAEX_MEX3.jpg\" class=\"attachment-full size-full wp-post-image\" alt=\"\" srcset=\"https:\/\/tw-group.com\/wp-content\/uploads\/2025\/09\/TWG_Webinar_NAEX_MEX3.jpg 1280w, https:\/\/tw-group.com\/wp-content\/uploads\/2025\/09\/TWG_Webinar_NAEX_MEX3-300x169.jpg 300w, https:\/\/tw-group.com\/wp-content\/uploads\/2025\/09\/TWG_Webinar_NAEX_MEX3-1024x576.jpg 1024w, https:\/\/tw-group.com\/wp-content\/uploads\/2025\/09\/TWG_Webinar_NAEX_MEX3-768x432.jpg 768w\" sizes=\"(max-width: 1280px) 100vw, 1280px\" \/>\t\t\t\t\t<\/a>\n\t\t\t\t\t<\/div>\n<\/div>\n\t\t<div class=\"qodef-e-content\">\n\t\t\t<div class=\"qodef-e-top-holder\">\n\t\t\t\t<div class=\"qodef-e-info\">\n\t\t\t\t\t<a itemprop=\"dateCreated\" href=\"https:\/\/tw-group.com\/en\/2025\/09\/\" class=\"entry-date \">\n\t23\/09\/2025<\/a><div class=\"qodef-info-separator-end\"><\/div><a href=\"https:\/\/tw-group.com\/category\/noticias-tw-group\/\" rel=\"tag\">Noticias TW Group<\/a><div class=\"qodef-info-separator-end\"><\/div>\t\t\t\t<\/div>\n\t\t\t<\/div>\n\t\t\t<div class=\"qodef-e-text\">\n\t\t\t\t<h2 itemprop=\"name\" class=\"qodef-e-title entry-title\">\n\t\t\t<a itemprop=\"url\" class=\"qodef-e-title-link\" href=\"https:\/\/tw-group.com\/en\/colaborando-con-naex-y-el-gobierno-de-navarra-en-la-apertura-de-nuevas-oportunidades-en-mexico\/\">\n\t\t\tCollaborating with NAEX and the Government of Navarra to Open New Opportunities in Mexico\t\t\t<\/a>\n\t<\/h2>\n\t\t<p itemprop=\"description\" class=\"qodef-e-excerpt\">Support programs for the internationalization of Navarrese companies. On September 16, we took part in the webinar &#8220;Destination Mexico\u201d, an initiative organized by NAEX, the internationalization support program framed within the\u00a0Navarra International Plan (PIN)\u00a0and promoted by the\u00a0Government of Navarra. This meeting served to showcase the two programs that NAEX offers to Navarrese compa<\/p>\n\t\t\t\t\t<\/div>\n\t\t\t<div class=\"qodef-e-bottom-holder\">\n\t\t\t\t\t\t<div class=\"qodef-e-read-more\">\n\t\t<a class=\"qodef-shortcode qodef-m  qodef-button qodef-layout--textual  qodef-html--link\" href=\"https:\/\/tw-group.com\/en\/colaborando-con-naex-y-el-gobierno-de-navarra-en-la-apertura-de-nuevas-oportunidades-en-mexico\/\" target=\"_self\"  >\t\t\t<span class=\"qodef-m-button-icon\"><svg class=\"qodef-svg--plus\" xmlns=\"http:\/\/www.w3.org\/2000\/svg\" xmlns:xlink=\"http:\/\/www.w3.org\/1999\/xlink\" width=\"14\" height=\"14\" viewBox=\"0 0 14 14\"><path class=\"qodef-m-horizontal\" d=\"M0,0H14V2H0Z\" transform=\"translate(0 6)\" \/><path class=\"qodef-m-vertical\" d=\"M0,0H2V14H0Z\" transform=\"translate(6)\" \/><\/svg><\/span>\t\t\t\t<span class=\"qodef-m-button-text\">Read more<br \/><\/span>\t<\/a>\t<\/div>\n\t\t\t<\/div>\n\t\t<\/div>\n\t<\/div>\n<\/article>\n<article class=\"qodef-e qodef-blog-item qodef-grid-item qodef-item--full post-52303 post type-post status-publish format-standard has-post-thumbnail hentry category-noticias-tw-group category-sin-categorizar tag-cultura-en tag-cultura-de-empresa tag-empresa-en tag-equipo tag-espiritu-de-equipo\">\n\t<div class=\"qodef-e-inner\">\n\t\t<div class=\"qodef-e-media\">\n\t\t<div class=\"qodef-e-media-image\">\n\t\t\t\t\t<a itemprop=\"url\" href=\"https:\/\/tw-group.com\/en\/tw-group-desafio-de-empresas\/\">\n\t\t\t\t\t<img loading=\"lazy\" decoding=\"async\" width=\"1280\" height=\"720\" src=\"https:\/\/tw-group.com\/wp-content\/uploads\/2025\/11\/TW_Desafio_1.jpg\" class=\"attachment-full size-full wp-post-image\" alt=\"\" srcset=\"https:\/\/tw-group.com\/wp-content\/uploads\/2025\/11\/TW_Desafio_1.jpg 1280w, https:\/\/tw-group.com\/wp-content\/uploads\/2025\/11\/TW_Desafio_1-300x169.jpg 300w, https:\/\/tw-group.com\/wp-content\/uploads\/2025\/11\/TW_Desafio_1-1024x576.jpg 1024w, https:\/\/tw-group.com\/wp-content\/uploads\/2025\/11\/TW_Desafio_1-768x432.jpg 768w\" sizes=\"(max-width: 1280px) 100vw, 1280px\" \/>\t\t\t\t\t<\/a>\n\t\t\t\t\t<\/div>\n<\/div>\n\t\t<div class=\"qodef-e-content\">\n\t\t\t<div class=\"qodef-e-top-holder\">\n\t\t\t\t<div class=\"qodef-e-info\">\n\t\t\t\t\t<a itemprop=\"dateCreated\" href=\"https:\/\/tw-group.com\/en\/2025\/07\/\" class=\"entry-date \">\n\t03\/07\/2025<\/a><div class=\"qodef-info-separator-end\"><\/div><a href=\"https:\/\/tw-group.com\/category\/noticias-tw-group\/\" rel=\"tag\">Noticias TW Group<\/a><span class=\"qodef-info-separator-single\"><\/span><a href=\"https:\/\/tw-group.com\/en\/category\/sin-categorizar\/\" rel=\"tag\">Sin categorizar<\/a><div class=\"qodef-info-separator-end\"><\/div>\t\t\t\t<\/div>\n\t\t\t<\/div>\n\t\t\t<div class=\"qodef-e-text\">\n\t\t\t\t<h2 itemprop=\"name\" class=\"qodef-e-title entry-title\">\n\t\t\t<a itemprop=\"url\" class=\"qodef-e-title-link\" href=\"https:\/\/tw-group.com\/en\/tw-group-desafio-de-empresas\/\">\n\t\t\tTW Group &#8211; Desaf\u00edo de empresas (Corporate Challenge)\t\t\t<\/a>\n\t<\/h2>\n\t\t<p itemprop=\"description\" class=\"qodef-e-excerpt\">This summer we took part for the first time in the Desaf\u00edo de Empresas (Corporate Challenge), an event that brings together sport, creativity and teamwork.<\/p>\n\t\t\t\t\t<\/div>\n\t\t\t<div class=\"qodef-e-bottom-holder\">\n\t\t\t\t\t\t<div class=\"qodef-e-read-more\">\n\t\t<a class=\"qodef-shortcode qodef-m  qodef-button qodef-layout--textual  qodef-html--link\" href=\"https:\/\/tw-group.com\/en\/tw-group-desafio-de-empresas\/\" target=\"_self\"  >\t\t\t<span class=\"qodef-m-button-icon\"><svg class=\"qodef-svg--plus\" xmlns=\"http:\/\/www.w3.org\/2000\/svg\" xmlns:xlink=\"http:\/\/www.w3.org\/1999\/xlink\" width=\"14\" height=\"14\" viewBox=\"0 0 14 14\"><path class=\"qodef-m-horizontal\" d=\"M0,0H14V2H0Z\" transform=\"translate(0 6)\" \/><path class=\"qodef-m-vertical\" d=\"M0,0H2V14H0Z\" transform=\"translate(6)\" \/><\/svg><\/span>\t\t\t\t<span class=\"qodef-m-button-text\">Read more<br \/><\/span>\t<\/a>\t<\/div>\n\t\t\t<\/div>\n\t\t<\/div>\n\t<\/div>\n<\/article>\n<article class=\"qodef-e qodef-blog-item qodef-grid-item qodef-item--full post-50185 post type-post status-publish format-standard has-post-thumbnail hentry category-tw-logistics-news\">\n\t<div class=\"qodef-e-inner\">\n\t\t<div class=\"qodef-e-media\">\n\t\t<div class=\"qodef-e-media-image\">\n\t\t\t\t\t<a itemprop=\"url\" href=\"https:\/\/tw-group.com\/en\/tw-night-delivery-from-the-west-coast-to-the-south\/\">\n\t\t\t\t\t<img loading=\"lazy\" decoding=\"async\" width=\"1280\" height=\"720\" src=\"https:\/\/tw-group.com\/wp-content\/uploads\/2025\/05\/TWG_US_Houston.png\" class=\"attachment-full size-full wp-post-image\" alt=\"\" srcset=\"https:\/\/tw-group.com\/wp-content\/uploads\/2025\/05\/TWG_US_Houston.png 1280w, https:\/\/tw-group.com\/wp-content\/uploads\/2025\/05\/TWG_US_Houston-300x169.png 300w, https:\/\/tw-group.com\/wp-content\/uploads\/2025\/05\/TWG_US_Houston-1024x576.png 1024w, https:\/\/tw-group.com\/wp-content\/uploads\/2025\/05\/TWG_US_Houston-768x432.png 768w\" sizes=\"(max-width: 1280px) 100vw, 1280px\" \/>\t\t\t\t\t<\/a>\n\t\t\t\t\t<\/div>\n<\/div>\n\t\t<div class=\"qodef-e-content\">\n\t\t\t<div class=\"qodef-e-top-holder\">\n\t\t\t\t<div class=\"qodef-e-info\">\n\t\t\t\t\t<a itemprop=\"dateCreated\" href=\"https:\/\/tw-group.com\/en\/2025\/05\/\" class=\"entry-date \">\n\t30\/05\/2025<\/a><div class=\"qodef-info-separator-end\"><\/div><a href=\"https:\/\/tw-group.com\/en\/category\/tw-logistics-news\/\" rel=\"tag\">TW Logistics News<\/a><div class=\"qodef-info-separator-end\"><\/div>\t\t\t\t<\/div>\n\t\t\t<\/div>\n\t\t\t<div class=\"qodef-e-text\">\n\t\t\t\t<h2 itemprop=\"name\" class=\"qodef-e-title entry-title\">\n\t\t\t<a itemprop=\"url\" class=\"qodef-e-title-link\" href=\"https:\/\/tw-group.com\/en\/tw-night-delivery-from-the-west-coast-to-the-south\/\">\n\t\t\tTW NIGHT DELIVERY, FROM THE WEST COAST TO THE SOUTH\t\t\t<\/a>\n\t<\/h2>\n\t\t<p itemprop=\"description\" class=\"qodef-e-excerpt\">Optimized warehousing and high-performance distribution, powered by 28 years of expertise. At TWLogistics, a European leader in NightDelivery, we continue to strengthen our service in the U.S. market. With the opening of our new hub in Houston, we extend operations to Texas and Louisiana, complementing our established\u00a0warehousing\u00a0and services in California and Nevada. Strategically located just <\/p>\n\t\t\t\t\t<\/div>\n\t\t\t<div class=\"qodef-e-bottom-holder\">\n\t\t\t\t\t\t<div class=\"qodef-e-read-more\">\n\t\t<a class=\"qodef-shortcode qodef-m  qodef-button qodef-layout--textual  qodef-html--link\" href=\"https:\/\/tw-group.com\/en\/tw-night-delivery-from-the-west-coast-to-the-south\/\" target=\"_self\"  >\t\t\t<span class=\"qodef-m-button-icon\"><svg class=\"qodef-svg--plus\" xmlns=\"http:\/\/www.w3.org\/2000\/svg\" xmlns:xlink=\"http:\/\/www.w3.org\/1999\/xlink\" width=\"14\" height=\"14\" viewBox=\"0 0 14 14\"><path class=\"qodef-m-horizontal\" d=\"M0,0H14V2H0Z\" transform=\"translate(0 6)\" \/><path class=\"qodef-m-vertical\" d=\"M0,0H2V14H0Z\" transform=\"translate(6)\" \/><\/svg><\/span>\t\t\t\t<span class=\"qodef-m-button-text\">Read more<br \/><\/span>\t<\/a>\t<\/div>\n\t\t\t<\/div>\n\t\t<\/div>\n\t<\/div>\n<\/article>\n<article class=\"qodef-e qodef-blog-item qodef-grid-item qodef-item--full post-51174 post type-post status-publish format-standard has-post-thumbnail hentry category-tw-automotive-news category-tw-group-news\">\n\t<div class=\"qodef-e-inner\">\n\t\t<div class=\"qodef-e-media\">\n\t\t<div class=\"qodef-e-media-image\">\n\t\t\t\t\t<a itemprop=\"url\" href=\"https:\/\/tw-group.com\/en\/diez-anos-rodando-juntos-el-impulso-humano-detras-de-tw-automotive\/\">\n\t\t\t\t\t<img loading=\"lazy\" decoding=\"async\" width=\"1451\" height=\"816\" src=\"https:\/\/tw-group.com\/wp-content\/uploads\/2025\/04\/TWA_mexico.jpg\" class=\"attachment-full size-full wp-post-image\" alt=\"\" srcset=\"https:\/\/tw-group.com\/wp-content\/uploads\/2025\/04\/TWA_mexico.jpg 1451w, https:\/\/tw-group.com\/wp-content\/uploads\/2025\/04\/TWA_mexico-300x169.jpg 300w, https:\/\/tw-group.com\/wp-content\/uploads\/2025\/04\/TWA_mexico-1024x576.jpg 1024w, https:\/\/tw-group.com\/wp-content\/uploads\/2025\/04\/TWA_mexico-768x432.jpg 768w\" sizes=\"(max-width: 1451px) 100vw, 1451px\" \/>\t\t\t\t\t<\/a>\n\t\t\t\t\t<\/div>\n<\/div>\n\t\t<div class=\"qodef-e-content\">\n\t\t\t<div class=\"qodef-e-top-holder\">\n\t\t\t\t<div class=\"qodef-e-info\">\n\t\t\t\t\t<a itemprop=\"dateCreated\" href=\"https:\/\/tw-group.com\/en\/2025\/04\/\" class=\"entry-date \">\n\t16\/04\/2025<\/a><div class=\"qodef-info-separator-end\"><\/div><a href=\"https:\/\/tw-group.com\/en\/category\/tw-automotive-news\/\" rel=\"tag\">TW Automotive News<\/a><span class=\"qodef-info-separator-single\"><\/span><a href=\"https:\/\/tw-group.com\/en\/category\/tw-group-news\/\" rel=\"tag\">TW Group News<\/a><div class=\"qodef-info-separator-end\"><\/div>\t\t\t\t<\/div>\n\t\t\t<\/div>\n\t\t\t<div class=\"qodef-e-text\">\n\t\t\t\t<h2 itemprop=\"name\" class=\"qodef-e-title entry-title\">\n\t\t\t<a itemprop=\"url\" class=\"qodef-e-title-link\" href=\"https:\/\/tw-group.com\/en\/diez-anos-rodando-juntos-el-impulso-humano-detras-de-tw-automotive\/\">\n\t\t\tTen years rolling together: the human drive behind TW Automotive\t\t\t<\/a>\n\t<\/h2>\n\t\t<p itemprop=\"description\" class=\"qodef-e-excerpt\">In 2025, TW Automotive will celebrate a decade of operations in Mexico. Ten years of challenges, innovation, and shared achievements. But above all, ten years with the most powerful engine of all: our people.\u00a0To commemorate this milestone, we have given a silver pin to each of the people who have been with us since the [&hellip;]<\/p>\n\t\t\t\t\t<\/div>\n\t\t\t<div class=\"qodef-e-bottom-holder\">\n\t\t\t\t\t\t<div class=\"qodef-e-read-more\">\n\t\t<a class=\"qodef-shortcode qodef-m  qodef-button qodef-layout--textual  qodef-html--link\" href=\"https:\/\/tw-group.com\/en\/diez-anos-rodando-juntos-el-impulso-humano-detras-de-tw-automotive\/\" target=\"_self\"  >\t\t\t<span class=\"qodef-m-button-icon\"><svg class=\"qodef-svg--plus\" xmlns=\"http:\/\/www.w3.org\/2000\/svg\" xmlns:xlink=\"http:\/\/www.w3.org\/1999\/xlink\" width=\"14\" height=\"14\" viewBox=\"0 0 14 14\"><path class=\"qodef-m-horizontal\" d=\"M0,0H14V2H0Z\" transform=\"translate(0 6)\" \/><path class=\"qodef-m-vertical\" d=\"M0,0H2V14H0Z\" transform=\"translate(6)\" \/><\/svg><\/span>\t\t\t\t<span class=\"qodef-m-button-text\">Read more<br \/><\/span>\t<\/a>\t<\/div>\n\t\t\t<\/div>\n\t\t<\/div>\n\t<\/div>\n<\/article>\n<article class=\"qodef-e qodef-blog-item qodef-grid-item qodef-item--full post-49491 post type-post status-publish format-standard has-post-thumbnail hentry category-tw-logistics-news\">\n\t<div class=\"qodef-e-inner\">\n\t\t<div class=\"qodef-e-media\">\n\t\t<div class=\"qodef-e-media-image\">\n\t\t\t\t\t<a itemprop=\"url\" href=\"https:\/\/tw-group.com\/en\/coleccion-indomables-ultimo-proyecto-editorial-de-la-fundacion-tw\/\">\n\t\t\t\t\t<img loading=\"lazy\" decoding=\"async\" width=\"1280\" height=\"721\" src=\"https:\/\/tw-group.com\/wp-content\/uploads\/2025\/04\/Indomables-Ayanz.jpg\" class=\"attachment-full size-full wp-post-image\" alt=\"\" srcset=\"https:\/\/tw-group.com\/wp-content\/uploads\/2025\/04\/Indomables-Ayanz.jpg 1280w, https:\/\/tw-group.com\/wp-content\/uploads\/2025\/04\/Indomables-Ayanz-300x169.jpg 300w, https:\/\/tw-group.com\/wp-content\/uploads\/2025\/04\/Indomables-Ayanz-1024x577.jpg 1024w, https:\/\/tw-group.com\/wp-content\/uploads\/2025\/04\/Indomables-Ayanz-768x433.jpg 768w\" sizes=\"(max-width: 1280px) 100vw, 1280px\" \/>\t\t\t\t\t<\/a>\n\t\t\t\t\t<\/div>\n<\/div>\n\t\t<div class=\"qodef-e-content\">\n\t\t\t<div class=\"qodef-e-top-holder\">\n\t\t\t\t<div class=\"qodef-e-info\">\n\t\t\t\t\t<a itemprop=\"dateCreated\" href=\"https:\/\/tw-group.com\/en\/2025\/04\/\" class=\"entry-date \">\n\t04\/04\/2025<\/a><div class=\"qodef-info-separator-end\"><\/div><a href=\"https:\/\/tw-group.com\/en\/category\/tw-logistics-news\/\" rel=\"tag\">TW Logistics News<\/a><div class=\"qodef-info-separator-end\"><\/div>\t\t\t\t<\/div>\n\t\t\t<\/div>\n\t\t\t<div class=\"qodef-e-text\">\n\t\t\t\t<h2 itemprop=\"name\" class=\"qodef-e-title entry-title\">\n\t\t\t<a itemprop=\"url\" class=\"qodef-e-title-link\" href=\"https:\/\/tw-group.com\/en\/coleccion-indomables-ultimo-proyecto-editorial-de-la-fundacion-tw\/\">\n\t\t\tIndomitable Collection, the latest publishing project from Fundaci\u00f3n TW\t\t\t<\/a>\n\t<\/h2>\n\t\t<p itemprop=\"description\" class=\"qodef-e-excerpt\">INDOMITABLE\u00a0is a collection of stories that brings to life the journeys of individuals who have left their mark on history through their vision and talent. TW Foundation\u00a0presents this editorial project as a tribute to timeless, universal values such as\u00a0openness, respect, freedom, and honesty\u2014the very foundations of TW Group\u2019s leadership model. Each volume begins with a [&hellip;]<\/p>\n\t\t\t\t\t<\/div>\n\t\t\t<div class=\"qodef-e-bottom-holder\">\n\t\t\t\t\t\t<div class=\"qodef-e-read-more\">\n\t\t<a class=\"qodef-shortcode qodef-m  qodef-button qodef-layout--textual  qodef-html--link\" href=\"https:\/\/tw-group.com\/en\/coleccion-indomables-ultimo-proyecto-editorial-de-la-fundacion-tw\/\" target=\"_self\"  >\t\t\t<span class=\"qodef-m-button-icon\"><svg class=\"qodef-svg--plus\" xmlns=\"http:\/\/www.w3.org\/2000\/svg\" xmlns:xlink=\"http:\/\/www.w3.org\/1999\/xlink\" width=\"14\" height=\"14\" viewBox=\"0 0 14 14\"><path class=\"qodef-m-horizontal\" d=\"M0,0H14V2H0Z\" transform=\"translate(0 6)\" \/><path class=\"qodef-m-vertical\" d=\"M0,0H2V14H0Z\" transform=\"translate(6)\" \/><\/svg><\/span>\t\t\t\t<span class=\"qodef-m-button-text\">Read more<br \/><\/span>\t<\/a>\t<\/div>\n\t\t\t<\/div>\n\t\t<\/div>\n\t<\/div>\n<\/article>\n\t<\/div>\n\t\t<div class=\"qodef-m-pagination qodef--standard\">\n\t\t<div class=\"qodef-m-pagination-inner\">\n\t\t\t<nav class=\"qodef-m-pagination-items\">\n\t\t\t\t<a class=\"qodef-m-pagination-item qodef--prev qodef--hide\" href=\"#\" data-paged=\"1\">\n\t\t\t\t\t<span class=\"qodef-m-pagination-label\">Prev<\/span>\n\t\t\t\t\t<svg class=\"qodef-svg--pagination-arrow-left\" xmlns=\"http:\/\/www.w3.org\/2000\/svg\" width=\"22\" height=\"16.971\" viewBox=\"0 0 22 16.971\"><g transform=\"translate(-758.1 -1746.515)\"><rect class=\"qodef-m-oblique--1\" width=\"100%\" height=\"100%\" transform=\"translate(759.515 1753.586) rotate(45)\"><\/rect><rect class=\"qodef-m-oblique--2\" width=\"100%\" height=\"100%\" transform=\"translate(759.515 1756.414) rotate(-135)\"><\/rect><rect class=\"qodef-m-horizontal\" width=\"100%\" height=\"100%\" transform=\"translate(760.101 1756.1) rotate(-90)\"><\/rect><\/g><\/svg>\t\t\t\t<\/a>\n\t\t\t\t\t\t\t\t\t<a class=\"qodef-m-pagination-item qodef--number qodef--number-1 qodef--active qodef-prev--hidden\" href=\"#\" data-paged=\"1\">01<\/a>\n\t\t\t\t\t\t\t\t\t\t\t\t\t\t<a class=\"qodef-m-pagination-item qodef--number qodef--number-2 \" href=\"#\" data-paged=\"2\">02<\/a>\n\t\t\t\t\t\t\t\t\t\t\t\t\t\t<a class=\"qodef-m-pagination-item qodef--number qodef--number-3 \" href=\"#\" data-paged=\"3\">03<\/a>\n\t\t\t\t\t\t\t\t\t\t\t\t\t<a class=\"qodef-m-pagination-item qodef--next \" href=\"#\" data-paged=\"2\">\n\t\t\t\t\t<span class=\"qodef-m-pagination-label\">Next<\/span>\n\t\t\t\t\t<svg class=\"qodef-svg--pagination-arrow-right\" xmlns=\"http:\/\/www.w3.org\/2000\/svg\" width=\"22\" height=\"16.971\" viewBox=\"0 0 22 16.971\"><g transform=\"translate(-758.1 -1746.515)\"><rect class=\"qodef-m-oblique--1\" width=\"100%\" height=\"100%\" transform=\"translate(759.515 1753.586) rotate(45)\"><\/rect><rect class=\"qodef-m-oblique--2\" width=\"100%\" height=\"100%\" transform=\"translate(759.515 1756.414) rotate(-135)\"><\/rect><rect class=\"qodef-m-horizontal\" width=\"100%\" height=\"100%\" transform=\"translate(760.101 1756.1) rotate(-90)\"><\/rect><\/g><\/svg>\t\t\t\t<\/a>\n\t\t\t<\/nav>\n\t\t<\/div>\n\t<\/div>\n\t<svg class=\"qodef-svg--spinner qodef-m-pagination-spinner\" xmlns=\"http:\/\/www.w3.org\/2000\/svg\" width=\"512\" height=\"512\" viewBox=\"0 0 512 512\"><path d=\"M304 48c0 26.51-21.49 48-48 48s-48-21.49-48-48 21.49-48 48-48 48 21.49 48 48zm-48 368c-26.51 0-48 21.49-48 48s21.49 48 48 48 48-21.49 48-48-21.49-48-48-48zm208-208c-26.51 0-48 21.49-48 48s21.49 48 48 48 48-21.49 48-48-21.49-48-48-48zM96 256c0-26.51-21.49-48-48-48S0 229.49 0 256s21.49 48 48 48 48-21.49 48-48zm12.922 99.078c-26.51 0-48 21.49-48 48s21.49 48 48 48 48-21.49 48-48c0-26.509-21.491-48-48-48zm294.156 0c-26.51 0-48 21.49-48 48s21.49 48 48 48 48-21.49 48-48c0-26.509-21.49-48-48-48zM108.922 60.922c-26.51 0-48 21.49-48 48s21.49 48 48 48 48-21.49 48-48-21.491-48-48-48z\"><\/path><\/svg><\/div>\n\t\t\t\t<\/div>\n\t\t\t\t<\/div>\n\t\t\t\t<div class=\"elementor-element elementor-element-19cc4f6 elementor-widget elementor-widget-spacer\" data-id=\"19cc4f6\" data-element_type=\"widget\" data-e-type=\"widget\" data-widget_type=\"spacer.default\">\n\t\t\t\t<div class=\"elementor-widget-container\">\n\t\t\t\t\t\t\t<div class=\"elementor-spacer\">\n\t\t\t<div class=\"elementor-spacer-inner\"><\/div>\n\t\t<\/div>\n\t\t\t\t\t\t<\/div>\n\t\t\t\t<\/div>\n\t\t\t\t\t<\/div>\n\t\t<\/div>\n\t\t\t\t\t<\/div>\n\t\t<\/section>\n\t\t\t\t<\/div>\n\t\t","protected":false},"excerpt":{"rendered":"<p>TW Group news : TW Logistics &amp; TW Automotive 25\/09\/2024Noticias TW Group Construyendo futuro a trav\u00e9s del conocimiento y la cultura: Fundaci\u00f3n TW La Fundaci\u00f3n TW Foundation (TWF) naci\u00f3 en 2023 con el objetivo de promover el conocimiento y la cultura como herramientas clave para enfrentarnos a los desaf\u00edos de la sociedad, actual y futura. [&hellip;]<\/p>\n","protected":false},"author":1,"featured_media":22266,"parent":0,"menu_order":0,"comment_status":"closed","ping_status":"closed","template":"","meta":{"footnotes":""},"class_list":["post-19993","page","type-page","status-publish","has-post-thumbnail","hentry"],"yoast_head":"<!-- This site is optimized with the Yoast SEO plugin v27.4 - https:\/\/yoast.com\/product\/yoast-seo-wordpress\/ -->\n<title>News TW Logistics &amp; TW Automotive - TW Group<\/title>\n<meta name=\"description\" content=\"Company news: events, partnerships, commitments, sustainability, investments, developments, etc.\" \/>\n<meta name=\"robots\" content=\"index, follow, max-snippet:-1, max-image-preview:large, max-video-preview:-1\" \/>\n<link rel=\"canonical\" href=\"https:\/\/tw-group.com\/en\/news\/\" \/>\n<meta property=\"og:locale\" content=\"en_US\" \/>\n<meta property=\"og:type\" content=\"article\" \/>\n<meta property=\"og:title\" content=\"News TW Logistics &amp; TW Automotive - TW Group\" \/>\n<meta property=\"og:description\" content=\"Company news: events, partnerships, commitments, sustainability, investments, developments, etc.\" \/>\n<meta property=\"og:url\" content=\"https:\/\/tw-group.com\/en\/news\/\" \/>\n<meta property=\"og:site_name\" content=\"TW Group\" \/>\n<meta property=\"article:modified_time\" content=\"2026-03-30T14:41:54+00:00\" \/>\n<meta property=\"og:image\" content=\"https:\/\/tw-group.com\/wp-content\/uploads\/2023\/03\/Noticias_TruckWheel.png\" \/>\n\t<meta property=\"og:image:width\" content=\"900\" \/>\n\t<meta property=\"og:image:height\" content=\"640\" \/>\n\t<meta property=\"og:image:type\" content=\"image\/png\" \/>\n<meta name=\"twitter:card\" content=\"summary_large_image\" \/>\n<script type=\"application\/ld+json\" class=\"yoast-schema-graph\">{\"@context\":\"https:\\\/\\\/schema.org\",\"@graph\":[{\"@type\":\"WebPage\",\"@id\":\"https:\\\/\\\/tw-group.com\\\/en\\\/news\\\/\",\"url\":\"https:\\\/\\\/tw-group.com\\\/en\\\/news\\\/\",\"name\":\"News TW Logistics & TW Automotive - TW Group\",\"isPartOf\":{\"@id\":\"https:\\\/\\\/tw-group.com\\\/en\\\/#website\"},\"primaryImageOfPage\":{\"@id\":\"https:\\\/\\\/tw-group.com\\\/en\\\/news\\\/#primaryimage\"},\"image\":{\"@id\":\"https:\\\/\\\/tw-group.com\\\/en\\\/news\\\/#primaryimage\"},\"thumbnailUrl\":\"https:\\\/\\\/tw-group.com\\\/wp-content\\\/uploads\\\/2023\\\/03\\\/Noticias_TruckWheel.png\",\"datePublished\":\"2023-01-09T15:18:25+00:00\",\"dateModified\":\"2026-03-30T14:41:54+00:00\",\"description\":\"Company news: events, partnerships, commitments, sustainability, investments, developments, etc.\",\"breadcrumb\":{\"@id\":\"https:\\\/\\\/tw-group.com\\\/en\\\/news\\\/#breadcrumb\"},\"inLanguage\":\"en-US\",\"potentialAction\":[{\"@type\":\"ReadAction\",\"target\":[\"https:\\\/\\\/tw-group.com\\\/en\\\/news\\\/\"]}]},{\"@type\":\"ImageObject\",\"inLanguage\":\"en-US\",\"@id\":\"https:\\\/\\\/tw-group.com\\\/en\\\/news\\\/#primaryimage\",\"url\":\"https:\\\/\\\/tw-group.com\\\/wp-content\\\/uploads\\\/2023\\\/03\\\/Noticias_TruckWheel.png\",\"contentUrl\":\"https:\\\/\\\/tw-group.com\\\/wp-content\\\/uploads\\\/2023\\\/03\\\/Noticias_TruckWheel.png\",\"width\":900,\"height\":640},{\"@type\":\"BreadcrumbList\",\"@id\":\"https:\\\/\\\/tw-group.com\\\/en\\\/news\\\/#breadcrumb\",\"itemListElement\":[{\"@type\":\"ListItem\",\"position\":1,\"name\":\"Portada\",\"item\":\"https:\\\/\\\/tw-group.com\\\/en\\\/\"},{\"@type\":\"ListItem\",\"position\":2,\"name\":\"News\"}]},{\"@type\":\"WebSite\",\"@id\":\"https:\\\/\\\/tw-group.com\\\/en\\\/#website\",\"url\":\"https:\\\/\\\/tw-group.com\\\/en\\\/\",\"name\":\"TW Group\",\"description\":\"\",\"potentialAction\":[{\"@type\":\"SearchAction\",\"target\":{\"@type\":\"EntryPoint\",\"urlTemplate\":\"https:\\\/\\\/tw-group.com\\\/en\\\/?s={search_term_string}\"},\"query-input\":{\"@type\":\"PropertyValueSpecification\",\"valueRequired\":true,\"valueName\":\"search_term_string\"}}],\"inLanguage\":\"en-US\"}]}<\/script>\n<!-- \/ Yoast SEO plugin. -->","yoast_head_json":{"title":"News TW Logistics & TW Automotive - TW Group","description":"Company news: events, partnerships, commitments, sustainability, investments, developments, etc.","robots":{"index":"index","follow":"follow","max-snippet":"max-snippet:-1","max-image-preview":"max-image-preview:large","max-video-preview":"max-video-preview:-1"},"canonical":"https:\/\/tw-group.com\/en\/news\/","og_locale":"en_US","og_type":"article","og_title":"News TW Logistics & TW Automotive - TW Group","og_description":"Company news: events, partnerships, commitments, sustainability, investments, developments, etc.","og_url":"https:\/\/tw-group.com\/en\/news\/","og_site_name":"TW Group","article_modified_time":"2026-03-30T14:41:54+00:00","og_image":[{"width":900,"height":640,"url":"https:\/\/tw-group.com\/wp-content\/uploads\/2023\/03\/Noticias_TruckWheel.png","type":"image\/png"}],"twitter_card":"summary_large_image","schema":{"@context":"https:\/\/schema.org","@graph":[{"@type":"WebPage","@id":"https:\/\/tw-group.com\/en\/news\/","url":"https:\/\/tw-group.com\/en\/news\/","name":"News TW Logistics & TW Automotive - TW Group","isPartOf":{"@id":"https:\/\/tw-group.com\/en\/#website"},"primaryImageOfPage":{"@id":"https:\/\/tw-group.com\/en\/news\/#primaryimage"},"image":{"@id":"https:\/\/tw-group.com\/en\/news\/#primaryimage"},"thumbnailUrl":"https:\/\/tw-group.com\/wp-content\/uploads\/2023\/03\/Noticias_TruckWheel.png","datePublished":"2023-01-09T15:18:25+00:00","dateModified":"2026-03-30T14:41:54+00:00","description":"Company news: events, partnerships, commitments, sustainability, investments, developments, etc.","breadcrumb":{"@id":"https:\/\/tw-group.com\/en\/news\/#breadcrumb"},"inLanguage":"en-US","potentialAction":[{"@type":"ReadAction","target":["https:\/\/tw-group.com\/en\/news\/"]}]},{"@type":"ImageObject","inLanguage":"en-US","@id":"https:\/\/tw-group.com\/en\/news\/#primaryimage","url":"https:\/\/tw-group.com\/wp-content\/uploads\/2023\/03\/Noticias_TruckWheel.png","contentUrl":"https:\/\/tw-group.com\/wp-content\/uploads\/2023\/03\/Noticias_TruckWheel.png","width":900,"height":640},{"@type":"BreadcrumbList","@id":"https:\/\/tw-group.com\/en\/news\/#breadcrumb","itemListElement":[{"@type":"ListItem","position":1,"name":"Portada","item":"https:\/\/tw-group.com\/en\/"},{"@type":"ListItem","position":2,"name":"News"}]},{"@type":"WebSite","@id":"https:\/\/tw-group.com\/en\/#website","url":"https:\/\/tw-group.com\/en\/","name":"TW Group","description":"","potentialAction":[{"@type":"SearchAction","target":{"@type":"EntryPoint","urlTemplate":"https:\/\/tw-group.com\/en\/?s={search_term_string}"},"query-input":{"@type":"PropertyValueSpecification","valueRequired":true,"valueName":"search_term_string"}}],"inLanguage":"en-US"}]}},"_links":{"self":[{"href":"https:\/\/tw-group.com\/en\/wp-json\/wp\/v2\/pages\/19993","targetHints":{"allow":["GET"]}}],"collection":[{"href":"https:\/\/tw-group.com\/en\/wp-json\/wp\/v2\/pages"}],"about":[{"href":"https:\/\/tw-group.com\/en\/wp-json\/wp\/v2\/types\/page"}],"author":[{"embeddable":true,"href":"https:\/\/tw-group.com\/en\/wp-json\/wp\/v2\/users\/1"}],"replies":[{"embeddable":true,"href":"https:\/\/tw-group.com\/en\/wp-json\/wp\/v2\/comments?post=19993"}],"version-history":[{"count":1,"href":"https:\/\/tw-group.com\/en\/wp-json\/wp\/v2\/pages\/19993\/revisions"}],"predecessor-version":[{"id":54704,"href":"https:\/\/tw-group.com\/en\/wp-json\/wp\/v2\/pages\/19993\/revisions\/54704"}],"wp:featuredmedia":[{"embeddable":true,"href":"https:\/\/tw-group.com\/en\/wp-json\/wp\/v2\/media\/22266"}],"wp:attachment":[{"href":"https:\/\/tw-group.com\/en\/wp-json\/wp\/v2\/media?parent=19993"}],"curies":[{"name":"wp","href":"https:\/\/api.w.org\/{rel}","templated":true}]}}